{"id":237,"date":"2026-06-25T12:21:26","date_gmt":"2026-06-25T10:21:26","guid":{"rendered":"https:\/\/schuetz-und-partner.de\/?page_id=237"},"modified":"2026-08-27T16:35:52","modified_gmt":"2026-08-27T14:35:52","slug":"startseite-relaunch","status":"publish","type":"page","link":"https:\/\/schuetz-und-partner.de\/","title":{"rendered":"Startseite Relaunch"},"content":{"rendered":"\n<div id=\"start\" class=\"wp-block-group has-background\" style=\"background-color:#eef3f7;padding-top:var(--wp--preset--spacing--50);padding-right:var(--wp--preset--spacing--50);padding-bottom:var(--wp--preset--spacing--50);padding-left:var(--wp--preset--spacing--50)\"><div class=\"wp-block-group__inner-container is-layout-constrained wp-container-core-group-is-layout-a48333fe wp-block-group-is-layout-constrained\">\n<h1 class=\"wp-block-heading\">Kommunikation organisieren.<br>Prozesse vereinfachen.<br>Verantwortliche entlasten.<\/h1>\n\n\n\n<p class=\"wp-block-paragraph\">Sch\u00fctz und Partner entwickelt digitale Kommunikationsl\u00f6sungen f\u00fcr Organisationen, die Inhalte, Medien und Freigaben klarer steuern m\u00f6chten \u2013 pers\u00f6nlich begleitet und digital unterst\u00fctzt.<\/p>\n\n\n\n<p class=\"wp-block-paragraph\">F\u00fcr Kommunen, soziale Tr\u00e4ger, dezentral organisierte Einrichtungen und Unternehmen schaffen wir Strukturen, die Kommunikation planbarer, transparenter und einfacher machen.<\/p>\n\n\n\n<div class=\"wp-block-buttons is-layout-flex wp-block-buttons-is-layout-flex\">\n<div class=\"wp-block-button\"><a class=\"wp-block-button__link wp-element-button\" href=\"#isi-magazin\">[isi]Magazin kennenlernen<\/a><\/div>\n\n\n\n<div class=\"wp-block-button\"><a class=\"wp-block-button__link wp-element-button\" href=\"#kontakt\">Gespr\u00e4ch vereinbaren<\/a><\/div>\n<\/div>\n<\/div><\/div>\n\n\n\n<div class=\"wp-block-group has-theme-palette-7-background-color has-background\" style=\"margin-top:var(--wp--preset--spacing--40);margin-bottom:var(--wp--preset--spacing--40);padding-top:var(--wp--preset--spacing--50);padding-right:var(--wp--preset--spacing--50);padding-bottom:var(--wp--preset--spacing--50);padding-left:var(--wp--preset--spacing--50)\"><div class=\"wp-block-group__inner-container is-layout-constrained wp-container-core-group-is-layout-d8d46189 wp-block-group-is-layout-constrained\">\n<h2 class=\"wp-block-heading\">Wenn Abstimmung zur t\u00e4glichen Zusatzaufgabe wird<\/h2>\n\n\n\n<p class=\"wp-block-paragraph\">Viele Kommunikationsprozesse wachsen \u00fcber Jahre \u2013 aber selten geordnet.<\/p>\n\n\n\n<p class=\"wp-block-paragraph\">E-Mails, Dateiablagen, Korrekturschleifen und unklare Verantwortlichkeiten kosten Zeit. Inhalte werden mehrfach erfasst, Freigaben sind schwer nachvollziehbar und Budgets werden oft erst sichtbar, wenn Entscheidungen l\u00e4ngst gefallen sind.<\/p>\n\n\n\n<div class=\"wp-block-columns is-layout-flex wp-container-core-columns-is-layout-8f761849 wp-block-columns-is-layout-flex\">\n<div class=\"wp-block-column has-border-color has-theme-palette-7-border-color has-background is-layout-flow wp-block-column-is-layout-flow\" style=\"border-width:1px;border-top-left-radius:12px;border-top-right-radius:12px;border-bottom-left-radius:12px;border-bottom-right-radius:12px;background-color:#eef3f7;padding-top:var(--wp--preset--spacing--40);padding-right:var(--wp--preset--spacing--40);padding-bottom:var(--wp--preset--spacing--40);padding-left:var(--wp--preset--spacing--40)\">\n<h3 class=\"wp-block-heading\">Abstimmung verteilt sich<\/h3>\n\n\n\n<p class=\"wp-block-paragraph\">Kommentare, Versionen und Entscheidungen liegen in verschiedenen Postf\u00e4chern und Ordnern.<\/p>\n<\/div>\n\n\n\n<div class=\"wp-block-column has-border-color has-theme-palette-7-border-color has-background is-layout-flow wp-block-column-is-layout-flow\" style=\"border-width:1px;border-top-left-radius:12px;border-top-right-radius:12px;border-bottom-left-radius:12px;border-bottom-right-radius:12px;background-color:#fff3e6;padding-top:var(--wp--preset--spacing--40);padding-right:var(--wp--preset--spacing--40);padding-bottom:var(--wp--preset--spacing--40);padding-left:var(--wp--preset--spacing--40)\">\n<h3 class=\"wp-block-heading\">Doppelte Inhaltspflege<\/h3>\n\n\n\n<p class=\"wp-block-paragraph\">Ein Beitrag wird mehrfach aufbereitet: f\u00fcr Magazin, Website, Flyer oder interne Kommunikation.<\/p>\n<\/div>\n\n\n\n<div class=\"wp-block-column has-border-color has-theme-palette-7-border-color has-background is-layout-flow wp-block-column-is-layout-flow\" style=\"border-width:1px;border-top-left-radius:12px;border-top-right-radius:12px;border-bottom-left-radius:12px;border-bottom-right-radius:12px;background-color:#f7f3ee;padding-top:var(--wp--preset--spacing--40);padding-right:var(--wp--preset--spacing--40);padding-bottom:var(--wp--preset--spacing--40);padding-left:var(--wp--preset--spacing--40)\">\n<h3 class=\"wp-block-heading\">Sp\u00e4te Transparenz<\/h3>\n\n\n\n<p class=\"wp-block-paragraph\">Aufgaben, Budgets und Freigaben werden erst m\u00fchsam rekonstruiert, wenn etwas fehlt.<\/p>\n<\/div>\n<\/div>\n<\/div><\/div>\n\n\n\n<div id=\"leistungen\" class=\"wp-block-group has-theme-palette-7-background-color has-background\" style=\"margin-top:var(--wp--preset--spacing--40);margin-bottom:var(--wp--preset--spacing--40);padding-top:var(--wp--preset--spacing--50);padding-right:var(--wp--preset--spacing--50);padding-bottom:var(--wp--preset--spacing--50);padding-left:var(--wp--preset--spacing--50)\"><div class=\"wp-block-group__inner-container is-layout-constrained wp-container-core-group-is-layout-d8d46189 wp-block-group-is-layout-constrained\">\n<h2 class=\"wp-block-heading\">Was wir strukturieren<\/h2>\n\n\n\n<div class=\"wp-block-columns is-layout-flex wp-container-core-columns-is-layout-8f761849 wp-block-columns-is-layout-flex\">\n<div class=\"wp-block-column has-border-color has-background is-layout-flow wp-block-column-is-layout-flow\" style=\"border-color:#dde6ee;border-width:1px;border-top-left-radius:12px;border-top-right-radius:12px;border-bottom-left-radius:12px;border-bottom-right-radius:12px;background-color:#eef3f7;padding-top:var(--wp--preset--spacing--50);padding-right:var(--wp--preset--spacing--50);padding-bottom:var(--wp--preset--spacing--50);padding-left:var(--wp--preset--spacing--50)\">\n<h3 class=\"wp-block-heading\">Prozesse strukturieren<\/h3>\n\n\n\n<p class=\"wp-block-paragraph\">Wir analysieren bestehende Abl\u00e4ufe und entwickeln klare Strukturen f\u00fcr Planung, Abstimmung, Freigabe und Umsetzung.<\/p>\n<\/div>\n\n\n\n<div class=\"wp-block-column has-border-color has-background is-layout-flow wp-block-column-is-layout-flow\" style=\"border-color:#dde6ee;border-width:1px;border-top-left-radius:12px;border-top-right-radius:12px;border-bottom-left-radius:12px;border-bottom-right-radius:12px;background-color:#fff3e6;padding-top:var(--wp--preset--spacing--50);padding-right:var(--wp--preset--spacing--50);padding-bottom:var(--wp--preset--spacing--50);padding-left:var(--wp--preset--spacing--50)\">\n<h3 class=\"wp-block-heading\">Inhalte und Redaktion<\/h3>\n\n\n\n<p class=\"wp-block-paragraph\">Wir unterst\u00fctzen bei redaktionellen Prozessen, Texten, Themenplanung und der Abstimmung von Inhalten.<\/p>\n<\/div>\n<\/div>\n\n\n\n<div class=\"wp-block-columns is-layout-flex wp-container-core-columns-is-layout-8f761849 wp-block-columns-is-layout-flex\">\n<div class=\"wp-block-column has-border-color has-background is-layout-flow wp-block-column-is-layout-flow\" style=\"border-color:#dde6ee;border-width:1px;border-top-left-radius:12px;border-top-right-radius:12px;border-bottom-left-radius:12px;border-bottom-right-radius:12px;background-color:#f7f3ee;padding-top:var(--wp--preset--spacing--50);padding-right:var(--wp--preset--spacing--50);padding-bottom:var(--wp--preset--spacing--50);padding-left:var(--wp--preset--spacing--50)\">\n<h3 class=\"wp-block-heading\">Medien und Gestaltung<\/h3>\n\n\n\n<p class=\"wp-block-paragraph\">Wir gestalten Kommunikationsmittel professionell und sorgen daf\u00fcr, dass Vorlagen, Medien und Ausgaben konsistent eingesetzt werden.<\/p>\n<\/div>\n\n\n\n<div class=\"wp-block-column has-border-color has-background is-layout-flow wp-block-column-is-layout-flow\" style=\"border-color:#dde6ee;border-width:1px;border-top-left-radius:12px;border-top-right-radius:12px;border-bottom-left-radius:12px;border-bottom-right-radius:12px;background-color:#16345c;padding-top:var(--wp--preset--spacing--50);padding-right:var(--wp--preset--spacing--50);padding-bottom:var(--wp--preset--spacing--50);padding-left:var(--wp--preset--spacing--50)\">\n<h3 class=\"wp-block-heading has-theme-palette-7-color has-text-color has-link-color wp-elements-1\">Produktion und Ver\u00f6ffentlichung<\/h3>\n\n\n\n<p class=\"has-theme-palette-7-color has-text-color has-link-color wp-elements-2 wp-block-paragraph\">Wir begleiten die Umsetzung bis zur fertigen Ausgabe \u2013 gedruckt, digital oder als kombinierter Medienprozess.<\/p>\n<\/div>\n<\/div>\n<\/div><\/div>\n\n\n\n<div class=\"wp-block-group has-theme-palette-7-background-color has-background\" style=\"margin-top:var(--wp--preset--spacing--40);margin-bottom:var(--wp--preset--spacing--40);padding-top:var(--wp--preset--spacing--50);padding-right:var(--wp--preset--spacing--50);padding-bottom:var(--wp--preset--spacing--50);padding-left:var(--wp--preset--spacing--50)\"><div class=\"wp-block-group__inner-container is-layout-constrained wp-container-core-group-is-layout-d8d46189 wp-block-group-is-layout-constrained\">\n<h2 class=\"wp-block-heading\">So arbeiten wir<\/h2>\n\n\n\n<p class=\"wp-block-paragraph\">Wir entwickeln keine L\u00f6sungen von der Stange.<br>Am Anfang steht immer das Verst\u00e4ndnis f\u00fcr bestehende Abl\u00e4ufe, Verantwortlichkeiten und Kommunikationsziele.<\/p>\n\n\n\n<div class=\"wp-block-columns is-layout-flex wp-container-core-columns-is-layout-8f761849 wp-block-columns-is-layout-flex\">\n<div class=\"wp-block-column has-border-color has-theme-palette-1-border-color is-layout-flow wp-block-column-is-layout-flow\" style=\"border-style:solid;border-width:1px;border-top-left-radius:12px;border-top-right-radius:12px;border-bottom-left-radius:12px;border-bottom-right-radius:12px;padding-top:var(--wp--preset--spacing--50);padding-right:var(--wp--preset--spacing--50);padding-bottom:var(--wp--preset--spacing--50);padding-left:var(--wp--preset--spacing--50)\">\n<h3 class=\"wp-block-heading\">1. Verstehen<\/h3>\n\n\n\n<p class=\"wp-block-paragraph\">Wir erfassen bestehende Abl\u00e4ufe, Medien, Zielgruppen und Verantwortlichkeiten.<\/p>\n<\/div>\n\n\n\n<div class=\"wp-block-column has-border-color has-theme-palette-1-border-color is-layout-flow wp-block-column-is-layout-flow\" style=\"border-width:1px;border-top-left-radius:12px;border-top-right-radius:12px;border-bottom-left-radius:12px;border-bottom-right-radius:12px;padding-top:var(--wp--preset--spacing--50);padding-right:var(--wp--preset--spacing--50);padding-bottom:var(--wp--preset--spacing--50);padding-left:var(--wp--preset--spacing--50)\">\n<h3 class=\"wp-block-heading\">2. Strukturieren<\/h3>\n\n\n\n<p class=\"wp-block-paragraph\">Wir entwickeln klare Prozesse f\u00fcr Inhalte, Freigaben, Medien und Produktion.<\/p>\n<\/div>\n<\/div>\n\n\n\n<div class=\"wp-block-columns is-layout-flex wp-container-core-columns-is-layout-8f761849 wp-block-columns-is-layout-flex\">\n<div class=\"wp-block-column has-border-color has-theme-palette-1-border-color is-layout-flow wp-block-column-is-layout-flow\" style=\"border-width:1px;border-top-left-radius:12px;border-top-right-radius:12px;border-bottom-left-radius:12px;border-bottom-right-radius:12px;padding-top:var(--wp--preset--spacing--50);padding-right:var(--wp--preset--spacing--50);padding-bottom:var(--wp--preset--spacing--50);padding-left:var(--wp--preset--spacing--50)\">\n<h3 class=\"wp-block-heading\">3. Umsetzen<\/h3>\n\n\n\n<p class=\"wp-block-paragraph\">Wir begleiten Redaktion, Gestaltung, Abstimmung, Druck, Ver\u00f6ffentlichung<br>und Versand.<\/p>\n<\/div>\n\n\n\n<div class=\"wp-block-column has-border-color has-theme-palette-1-border-color has-background is-layout-flow wp-block-column-is-layout-flow\" style=\"border-width:1px;border-top-left-radius:12px;border-top-right-radius:12px;border-bottom-left-radius:12px;border-bottom-right-radius:12px;background-color:#eef3f7;padding-top:var(--wp--preset--spacing--50);padding-right:var(--wp--preset--spacing--50);padding-bottom:var(--wp--preset--spacing--50);padding-left:var(--wp--preset--spacing--50)\">\n<h3 class=\"wp-block-heading\">4. Digital organisieren<\/h3>\n\n\n\n<p class=\"wp-block-paragraph\">Mit [isi]Magazin werden Kommunikationsprozesse zentral<br>steuerbar, nachvollziehbar und wiederverwendbar.<\/p>\n<\/div>\n<\/div>\n<\/div><\/div>\n\n\n\n<div id=\"isi-magazin\" class=\"wp-block-group has-background\" style=\"background-color:#fff8ef;margin-top:var(--wp--preset--spacing--40);margin-bottom:var(--wp--preset--spacing--40);padding-top:var(--wp--preset--spacing--60);padding-right:var(--wp--preset--spacing--60);padding-bottom:var(--wp--preset--spacing--60);padding-left:var(--wp--preset--spacing--60)\"><div class=\"wp-block-group__inner-container is-layout-constrained wp-container-core-group-is-layout-50904885 wp-block-group-is-layout-constrained\">\n<figure class=\"wp-block-image size-medium\"><img loading=\"lazy\" decoding=\"async\" width=\"300\" height=\"65\" src=\"https:\/\/schuetz-und-partner.de\/wp-content\/uploads\/2026\/06\/isi-magazin-logo-header-300x65.png\" alt=\"\" class=\"wp-image-209\" srcset=\"https:\/\/schuetz-und-partner.de\/wp-content\/uploads\/2026\/06\/isi-magazin-logo-header-300x65.png 300w, https:\/\/schuetz-und-partner.de\/wp-content\/uploads\/2026\/06\/isi-magazin-logo-header-1024x223.png 1024w, https:\/\/schuetz-und-partner.de\/wp-content\/uploads\/2026\/06\/isi-magazin-logo-header-768x168.png 768w, https:\/\/schuetz-und-partner.de\/wp-content\/uploads\/2026\/06\/isi-magazin-logo-header-1536x335.png 1536w, https:\/\/schuetz-und-partner.de\/wp-content\/uploads\/2026\/06\/isi-magazin-logo-header-2048x447.png 2048w\" sizes=\"auto, (max-width: 300px) 100vw, 300px\" \/><\/figure>\n\n\n\n<div style=\"height:10px\" aria-hidden=\"true\" class=\"wp-block-spacer\"><\/div>\n\n\n\n<h3 class=\"wp-block-heading wp-states-de4a5938\">Kommunikation digital organisieren<\/h3>\n\n\n\n<p class=\"wp-block-paragraph\">[isi]Magazin b\u00fcndelt Inhalte, Medien, Freigaben und Kommunikationsmittel in einer zentralen Plattform.<\/p>\n\n\n\n<p class=\"wp-block-paragraph\">Organisationen erhalten klare Abl\u00e4ufe, nachvollziehbare Zust\u00e4ndigkeiten und einen zentralen Zugriff auf Inhalte, Medien und Freigaben \u2013<br>von der Planung bis zur fertigen Ver\u00f6ffentlichung.<\/p>\n\n\n\n<ul class=\"wp-block-list\">\n<li>Inhalte einmal erfassen, freigeben und mehrfach nutzen<\/li>\n\n\n\n<li>Freigaben transparent steuern<\/li>\n\n\n\n<li>Medien und Auftr\u00e4ge nachvollziehbar organisieren<\/li>\n\n\n\n<li>Budgets planen und verf\u00fcgbare Mittel im Blick behalten<\/li>\n<\/ul>\n\n\n\n<div class=\"wp-block-buttons is-layout-flex wp-block-buttons-is-layout-flex\">\n<div class=\"wp-block-button\"><a class=\"wp-block-button__link wp-element-button\">Mehr \u00fcber [isi]Magazin erfahren<\/a><\/div>\n<\/div>\n<\/div><\/div>\n\n\n\n<div class=\"wp-block-group has-border-color has-theme-palette-7-background-color has-background\" style=\"border-color:#e6edf3;border-width:1px;border-top-left-radius:12px;border-top-right-radius:12px;border-bottom-left-radius:12px;border-bottom-right-radius:12px;margin-top:var(--wp--preset--spacing--40);margin-bottom:var(--wp--preset--spacing--40);padding-top:var(--wp--preset--spacing--50);padding-right:var(--wp--preset--spacing--50);padding-bottom:var(--wp--preset--spacing--50);padding-left:var(--wp--preset--spacing--50)\"><div class=\"wp-block-group__inner-container is-layout-constrained wp-container-core-group-is-layout-d8d46189 wp-block-group-is-layout-constrained\">\n<h2 class=\"wp-block-heading\">Pers\u00f6nlich begleitet. Professionell umgesetzt.<\/h2>\n\n\n\n<p class=\"wp-block-paragraph\">Digitale L\u00f6sungen funktionieren nur dann gut, wenn sie zu den Menschen, Abl\u00e4ufen und Kommunikationszielen einer Organisation passen.<\/p>\n\n\n\n<p class=\"wp-block-paragraph\">Sch\u00fctz und Partner verbindet redaktionelle, gestalterische, technische und produktionelle Erfahrung. So entstehen L\u00f6sungen, die nicht nur digital gedacht sind, sondern im Arbeitsalltag tats\u00e4chlich entlasten.<\/p>\n<\/div><\/div>\n\n\n\n<div id=\"kontakt\" class=\"wp-block-group has-theme-palette-7-color has-text-color has-background has-link-color wp-elements-3\" style=\"background-color:#16345c\"><div class=\"wp-block-group__inner-container is-layout-constrained wp-block-group-is-layout-constrained\">\n<h2 class=\"wp-block-heading has-theme-palette-7-color has-text-color has-link-color wp-elements-4\">Kommunikation einfacher machen.<\/h2>\n\n\n\n<p class=\"wp-block-paragraph\">In einem ersten Gespr\u00e4ch kl\u00e4ren wir, welche Abl\u00e4ufe heute Aufwand verursachen, welche Inhalte und Medien zentral organisiert<br>werden sollten und ob [isi]Magazin f\u00fcr Ihre Organisation ein sinnvoller n\u00e4chster Schritt ist.<\/p>\n\n\n\n<p class=\"wp-block-paragraph\">Sch\u00fctz und Partner<br>Michael Sch\u00fctz<br>m.schuetz@isi-magazin.de<br>+49 7031 20 46 501<\/p>\n\n\n\n<div class=\"wp-block-buttons is-layout-flex wp-block-buttons-is-layout-flex\">\n<div class=\"wp-block-button\"><a class=\"wp-block-button__link has-theme-palette-2-background-color has-background wp-element-button\" href=\"mailto:m.schuetz@isi-magazin.de\">Gespr\u00e4ch vereinbaren<\/a><\/div>\n<\/div>\n<\/div><\/div>\n\n\n\n<p class=\"wp-block-paragraph\"><\/p>\n","protected":false},"excerpt":{"rendered":"<p>Kommunikation organisieren.Prozesse vereinfachen.Verantwortliche entlasten. Sch\u00fctz und Partner entwickelt digitale Kommunikationsl\u00f6sungen f\u00fcr Organisationen, die Inhalte, Medien und Freigaben klarer steuern m\u00f6chten \u2013 pers\u00f6nlich begleitet und digital unterst\u00fctzt. F\u00fcr Kommunen, soziale Tr\u00e4ger, dezentral organisierte Einrichtungen und Unternehmen schaffen wir Strukturen, die Kommunikation planbarer, transparenter und einfacher machen. Wenn Abstimmung zur t\u00e4glichen Zusatzaufgabe wird Viele Kommunikationsprozesse wachsen \u00fcber&#8230;<\/p>\n","protected":false},"author":1,"featured_media":0,"parent":0,"menu_order":0,"comment_status":"closed","ping_status":"closed","template":"","meta":{"_themeisle_gutenberg_block_has_review":false,"_kad_post_transparent":"","_kad_post_title":"","_kad_post_layout":"","_kad_post_sidebar_id":"","_kad_post_content_style":"","_kad_post_vertical_padding":"","_kad_post_feature":"","_kad_post_feature_position":"","_kad_post_header":false,"_kad_post_footer":false,"_kad_post_classname":"","footnotes":""},"class_list":["post-237","page","type-page","status-publish","hentry"],"yoast_head":"<!-- This site is optimized with the Yoast SEO plugin v27.9 - https:\/\/yoast.com\/product\/yoast-seo-wordpress\/ -->\n<title>Startseite Relaunch | Sch\u00fctz und Partner<\/title>\n<meta name=\"robots\" content=\"index, follow, max-snippet:-1, max-image-preview:large, max-video-preview:-1\" \/>\n<link rel=\"canonical\" href=\"https:\/\/schuetz-und-partner.de\/\" \/>\n<meta property=\"og:locale\" content=\"de_DE\" \/>\n<meta property=\"og:type\" content=\"article\" \/>\n<meta property=\"og:title\" content=\"Startseite Relaunch | Sch\u00fctz und Partner\" \/>\n<meta property=\"og:description\" content=\"Kommunikation organisieren.Prozesse vereinfachen.Verantwortliche entlasten. Sch\u00fctz und Partner entwickelt digitale Kommunikationsl\u00f6sungen f\u00fcr Organisationen, die Inhalte, Medien und Freigaben klarer steuern m\u00f6chten \u2013 pers\u00f6nlich begleitet und digital unterst\u00fctzt. F\u00fcr Kommunen, soziale Tr\u00e4ger, dezentral organisierte Einrichtungen und Unternehmen schaffen wir Strukturen, die Kommunikation planbarer, transparenter und einfacher machen. Wenn Abstimmung zur t\u00e4glichen Zusatzaufgabe wird Viele Kommunikationsprozesse wachsen \u00fcber...\" \/>\n<meta property=\"og:url\" content=\"https:\/\/schuetz-und-partner.de\/\" \/>\n<meta property=\"og:site_name\" content=\"Sch\u00fctz und Partner\" \/>\n<meta property=\"article:modified_time\" content=\"2026-08-27T14:35:52+00:00\" \/>\n<meta property=\"og:image\" content=\"https:\/\/schuetz-und-partner.de\/wp-content\/uploads\/2026\/06\/isi-magazin-logo-header.png\" \/>\n\t<meta property=\"og:image:width\" content=\"2200\" \/>\n\t<meta property=\"og:image:height\" content=\"480\" \/>\n\t<meta property=\"og:image:type\" content=\"image\/png\" \/>\n<meta name=\"twitter:card\" content=\"summary_large_image\" \/>\n<meta name=\"twitter:label1\" content=\"Gesch\u00e4tzte Lesezeit\" \/>\n\t<meta name=\"twitter:data1\" content=\"3\u00a0Minuten\" \/>\n<script type=\"application\/ld+json\" class=\"yoast-schema-graph\">{\"@context\":\"https:\\\/\\\/schema.org\",\"@graph\":[{\"@type\":\"WebPage\",\"@id\":\"https:\\\/\\\/schuetz-und-partner.de\\\/\",\"url\":\"https:\\\/\\\/schuetz-und-partner.de\\\/\",\"name\":\"Startseite Relaunch | Sch\u00fctz und Partner\",\"isPartOf\":{\"@id\":\"https:\\\/\\\/schuetz-und-partner.de\\\/#website\"},\"primaryImageOfPage\":{\"@id\":\"https:\\\/\\\/schuetz-und-partner.de\\\/#primaryimage\"},\"image\":{\"@id\":\"https:\\\/\\\/schuetz-und-partner.de\\\/#primaryimage\"},\"thumbnailUrl\":\"https:\\\/\\\/schuetz-und-partner.de\\\/wp-content\\\/uploads\\\/2026\\\/06\\\/isi-magazin-logo-header-300x65.png\",\"datePublished\":\"2026-06-25T10:21:26+00:00\",\"dateModified\":\"2026-08-27T14:35:52+00:00\",\"breadcrumb\":{\"@id\":\"https:\\\/\\\/schuetz-und-partner.de\\\/#breadcrumb\"},\"inLanguage\":\"de\",\"potentialAction\":[{\"@type\":\"ReadAction\",\"target\":[\"https:\\\/\\\/schuetz-und-partner.de\\\/\"]}]},{\"@type\":\"ImageObject\",\"inLanguage\":\"de\",\"@id\":\"https:\\\/\\\/schuetz-und-partner.de\\\/#primaryimage\",\"url\":\"https:\\\/\\\/schuetz-und-partner.de\\\/wp-content\\\/uploads\\\/2026\\\/06\\\/isi-magazin-logo-header.png\",\"contentUrl\":\"https:\\\/\\\/schuetz-und-partner.de\\\/wp-content\\\/uploads\\\/2026\\\/06\\\/isi-magazin-logo-header.png\",\"width\":2200,\"height\":480},{\"@type\":\"BreadcrumbList\",\"@id\":\"https:\\\/\\\/schuetz-und-partner.de\\\/#breadcrumb\",\"itemListElement\":[{\"@type\":\"ListItem\",\"position\":1,\"name\":\"Startseite\",\"item\":\"https:\\\/\\\/schuetz-und-partner.de\\\/\"},{\"@type\":\"ListItem\",\"position\":2,\"name\":\"Startseite Relaunch\"}]},{\"@type\":\"WebSite\",\"@id\":\"https:\\\/\\\/schuetz-und-partner.de\\\/#website\",\"url\":\"https:\\\/\\\/schuetz-und-partner.de\\\/\",\"name\":\"schuetz-und-partner.de\",\"description\":\"\",\"publisher\":{\"@id\":\"https:\\\/\\\/schuetz-und-partner.de\\\/#organization\"},\"alternateName\":\"Agentur Sch\u00fctz und Partner\",\"potentialAction\":[{\"@type\":\"SearchAction\",\"target\":{\"@type\":\"EntryPoint\",\"urlTemplate\":\"https:\\\/\\\/schuetz-und-partner.de\\\/?s={search_term_string}\"},\"query-input\":{\"@type\":\"PropertyValueSpecification\",\"valueRequired\":true,\"valueName\":\"search_term_string\"}}],\"inLanguage\":\"de\"},{\"@type\":\"Organization\",\"@id\":\"https:\\\/\\\/schuetz-und-partner.de\\\/#organization\",\"name\":\"Sch\u00fctz und Partner | Agentur f\u00fcr Kommunikation\",\"alternateName\":\"Sch\u00fctz und Partner\",\"url\":\"https:\\\/\\\/schuetz-und-partner.de\\\/\",\"logo\":{\"@type\":\"ImageObject\",\"inLanguage\":\"de\",\"@id\":\"https:\\\/\\\/schuetz-und-partner.de\\\/#\\\/schema\\\/logo\\\/image\\\/\",\"url\":\"https:\\\/\\\/schuetz-und-partner.de\\\/wp-content\\\/uploads\\\/2024\\\/04\\\/LogoPlus.png\",\"contentUrl\":\"https:\\\/\\\/schuetz-und-partner.de\\\/wp-content\\\/uploads\\\/2024\\\/04\\\/LogoPlus.png\",\"width\":512,\"height\":512,\"caption\":\"Sch\u00fctz und Partner | Agentur f\u00fcr Kommunikation\"},\"image\":{\"@id\":\"https:\\\/\\\/schuetz-und-partner.de\\\/#\\\/schema\\\/logo\\\/image\\\/\"}}]}<\/script>\n<!-- \/ Yoast SEO plugin. -->","yoast_head_json":{"title":"Startseite Relaunch | Sch\u00fctz und Partner","robots":{"index":"index","follow":"follow","max-snippet":"max-snippet:-1","max-image-preview":"max-image-preview:large","max-video-preview":"max-video-preview:-1"},"canonical":"https:\/\/schuetz-und-partner.de\/","og_locale":"de_DE","og_type":"article","og_title":"Startseite Relaunch | Sch\u00fctz und Partner","og_description":"Kommunikation organisieren.Prozesse vereinfachen.Verantwortliche entlasten. Sch\u00fctz und Partner entwickelt digitale Kommunikationsl\u00f6sungen f\u00fcr Organisationen, die Inhalte, Medien und Freigaben klarer steuern m\u00f6chten \u2013 pers\u00f6nlich begleitet und digital unterst\u00fctzt. F\u00fcr Kommunen, soziale Tr\u00e4ger, dezentral organisierte Einrichtungen und Unternehmen schaffen wir Strukturen, die Kommunikation planbarer, transparenter und einfacher machen. Wenn Abstimmung zur t\u00e4glichen Zusatzaufgabe wird Viele Kommunikationsprozesse wachsen \u00fcber...","og_url":"https:\/\/schuetz-und-partner.de\/","og_site_name":"Sch\u00fctz und Partner","article_modified_time":"2026-08-27T14:35:52+00:00","og_image":[{"width":2200,"height":480,"url":"https:\/\/schuetz-und-partner.de\/wp-content\/uploads\/2026\/06\/isi-magazin-logo-header.png","type":"image\/png"}],"twitter_card":"summary_large_image","twitter_misc":{"Gesch\u00e4tzte Lesezeit":"3\u00a0Minuten"},"schema":{"@context":"https:\/\/schema.org","@graph":[{"@type":"WebPage","@id":"https:\/\/schuetz-und-partner.de\/","url":"https:\/\/schuetz-und-partner.de\/","name":"Startseite Relaunch | Sch\u00fctz und Partner","isPartOf":{"@id":"https:\/\/schuetz-und-partner.de\/#website"},"primaryImageOfPage":{"@id":"https:\/\/schuetz-und-partner.de\/#primaryimage"},"image":{"@id":"https:\/\/schuetz-und-partner.de\/#primaryimage"},"thumbnailUrl":"https:\/\/schuetz-und-partner.de\/wp-content\/uploads\/2026\/06\/isi-magazin-logo-header-300x65.png","datePublished":"2026-06-25T10:21:26+00:00","dateModified":"2026-08-27T14:35:52+00:00","breadcrumb":{"@id":"https:\/\/schuetz-und-partner.de\/#breadcrumb"},"inLanguage":"de","potentialAction":[{"@type":"ReadAction","target":["https:\/\/schuetz-und-partner.de\/"]}]},{"@type":"ImageObject","inLanguage":"de","@id":"https:\/\/schuetz-und-partner.de\/#primaryimage","url":"https:\/\/schuetz-und-partner.de\/wp-content\/uploads\/2026\/06\/isi-magazin-logo-header.png","contentUrl":"https:\/\/schuetz-und-partner.de\/wp-content\/uploads\/2026\/06\/isi-magazin-logo-header.png","width":2200,"height":480},{"@type":"BreadcrumbList","@id":"https:\/\/schuetz-und-partner.de\/#breadcrumb","itemListElement":[{"@type":"ListItem","position":1,"name":"Startseite","item":"https:\/\/schuetz-und-partner.de\/"},{"@type":"ListItem","position":2,"name":"Startseite Relaunch"}]},{"@type":"WebSite","@id":"https:\/\/schuetz-und-partner.de\/#website","url":"https:\/\/schuetz-und-partner.de\/","name":"schuetz-und-partner.de","description":"","publisher":{"@id":"https:\/\/schuetz-und-partner.de\/#organization"},"alternateName":"Agentur Sch\u00fctz und Partner","potentialAction":[{"@type":"SearchAction","target":{"@type":"EntryPoint","urlTemplate":"https:\/\/schuetz-und-partner.de\/?s={search_term_string}"},"query-input":{"@type":"PropertyValueSpecification","valueRequired":true,"valueName":"search_term_string"}}],"inLanguage":"de"},{"@type":"Organization","@id":"https:\/\/schuetz-und-partner.de\/#organization","name":"Sch\u00fctz und Partner | Agentur f\u00fcr Kommunikation","alternateName":"Sch\u00fctz und Partner","url":"https:\/\/schuetz-und-partner.de\/","logo":{"@type":"ImageObject","inLanguage":"de","@id":"https:\/\/schuetz-und-partner.de\/#\/schema\/logo\/image\/","url":"https:\/\/schuetz-und-partner.de\/wp-content\/uploads\/2024\/04\/LogoPlus.png","contentUrl":"https:\/\/schuetz-und-partner.de\/wp-content\/uploads\/2024\/04\/LogoPlus.png","width":512,"height":512,"caption":"Sch\u00fctz und Partner | Agentur f\u00fcr Kommunikation"},"image":{"@id":"https:\/\/schuetz-und-partner.de\/#\/schema\/logo\/image\/"}}]}},"_links":{"self":[{"href":"https:\/\/schuetz-und-partner.de\/index.php\/wp-json\/wp\/v2\/pages\/237","targetHints":{"allow":["GET"]}}],"collection":[{"href":"https:\/\/schuetz-und-partner.de\/index.php\/wp-json\/wp\/v2\/pages"}],"about":[{"href":"https:\/\/schuetz-und-partner.de\/index.php\/wp-json\/wp\/v2\/types\/page"}],"author":[{"embeddable":true,"href":"https:\/\/schuetz-und-partner.de\/index.php\/wp-json\/wp\/v2\/users\/1"}],"replies":[{"embeddable":true,"href":"https:\/\/schuetz-und-partner.de\/index.php\/wp-json\/wp\/v2\/comments?post=237"}],"version-history":[{"count":52,"href":"https:\/\/schuetz-und-partner.de\/index.php\/wp-json\/wp\/v2\/pages\/237\/revisions"}],"predecessor-version":[{"id":330,"href":"https:\/\/schuetz-und-partner.de\/index.php\/wp-json\/wp\/v2\/pages\/237\/revisions\/330"}],"wp:attachment":[{"href":"https:\/\/schuetz-und-partner.de\/index.php\/wp-json\/wp\/v2\/media?parent=237"}],"curies":[{"name":"wp","href":"https:\/\/api.w.org\/{rel}","templated":true}]}}